{"id":8,"date":"2017-12-11T10:10:34","date_gmt":"2017-12-11T12:10:34","guid":{"rendered":"https:\/\/mgieada.com.br\/site\/?page_id=8"},"modified":"2025-02-27T15:09:37","modified_gmt":"2025-02-27T18:09:37","slug":"sobre","status":"publish","type":"page","link":"https:\/\/mgieada.com.br\/site\/sobre\/","title":{"rendered":"Palavra do Presidente do Mgieada"},"content":{"rendered":"<h4 style=\"text-align: center;\"><strong>Crescendo em tempo de crise<br \/><\/strong><\/h4>\n<p style=\"padding-left: 30px;\">&nbsp;&nbsp;&nbsp; A Igreja Evang\u00e9lica Assembleia de Deus em Alc\u00e2ntara, comemora os seus 74 (setenta e quatro) anos em um tempo que o mundo, passa por crises em diversas \u00e1reas, principalmente na \u00e1rea espiritual, onde muitos irm\u00e3os t\u00eam sido provados, e sa\u00eddo fortalecidos na f\u00e9 pelo Senhor Jesus. Todavia, vale apenas ressaltar, que Deus na sua infinita bondade tem nos aben\u00e7oado de uma forma toda especial, pois os c\u00e9us n\u00e3o est\u00e3o em crise.<\/p>\n<p style=\"padding-left: 30px;\">&nbsp;&nbsp;&nbsp; Uma igreja que tem o ensino da palavra de Deus, seus membros voltados para a ora\u00e7\u00e3o, um minist\u00e9rio unido e um grupo de irm\u00e3os evangelizando os perdidos, s\u00f3 tem de crescer. E, \u00e9 isso que tem acontecido em nossa igreja, pessoas aceitando a Cristo, outras chegando para congregar conosco.<\/p>\n<p style=\"padding-left: 30px;\">&nbsp;&nbsp;&nbsp; Agrade\u00e7o muito a Deus, parabenizo o nosso <strong>CORAL MONTE DAS OLIVEIRAS<\/strong> pelos 70 anos de belos hinos entoados ao nosso grande DEUS e a todos os irm\u00e3os que tem se dedicado a obra do Senhor, sempre fazendo o melhor para gl\u00f3ria do Senhor Deus. 1 Co 15.58<\/p>\n<h4 style=\"text-align: center;\"><strong>Hist\u00f3ria da Assembleia de Deus em Alc\u00e2ntara.<\/strong><\/h4>\n<p style=\"padding-left: 30px;\">&nbsp;&nbsp;&nbsp; Nossa igreja nasceu, segundo consta, no ano de 1943, como uma sub-congrega\u00e7\u00e3o de Porto da Madama, que era uma Sub-sede da Assembleia de Deus em Niter\u00f3i, e esta pastoreada \u00e0 \u00e9poca, pelo Pr. Jo\u00e3o Evangelista e pelo saudoso patriarca Pastor MOISES SOARES DA FONSECA.<\/p>\n<p style=\"padding-left: 30px;\">&nbsp;&nbsp;&nbsp; Ela funcionava num pequeno local na linha do trem, atr\u00e1s do PAM de Alc\u00e2ntara, e ali iniciou os primeiros anos daquela que seria uma refer\u00eancia da Assembleia de Deus em S\u00e3o Gon\u00e7alo, que sempre trabalhou em prol do Evangelho, nesta regi\u00e3o.<\/p>\n<p style=\"padding-left: 30px;\">&nbsp;&nbsp;&nbsp; Com rela\u00e7\u00e3o \u00e0 Nova Cidade, na verdade a Subcongrega\u00e7\u00e3o de Alc\u00e2ntara que fundou o trabalho ali, e o 1\u00ba culto no Ponto de prega\u00e7\u00e3o foi feito na casa do irm\u00e3o Raul Ponciano, e que deu origem a Igreja de Nova Cidade.<\/p>\n<p style=\"padding-left: 30px;\">&nbsp;&nbsp;&nbsp; O Pr. L\u00e9dio conta que seu pai Luiz Rodrigues de Mendon\u00e7a esposo de Hip\u00f3lita Maria Quintas, foi o 1\u00ba Porteiro da igreja e chegou aqui em 1944.<\/p>\n<p style=\"padding-left: 30px;\">&nbsp;&nbsp;&nbsp; Com o desligamento do ent\u00e3o Presidente da Regi\u00e3o, Pr. Jo\u00e3o Evangelista, o trabalho parou um pouco, quando reiniciou-se foi j\u00e1 sob a dire\u00e7\u00e3o do Pb. \u00c1lvaro Martins Ferreira e sua esposa Aurora.<\/p>\n<p style=\"padding-left: 30px;\">&nbsp;&nbsp;&nbsp; Desde a funda\u00e7\u00e3o da pequena Igreja, congregaram ali desde os prim\u00f3rdios, o Miguel Portugu\u00eas, que foi seu primeiro dirigente, Irm\u00e3o Justiniano , Antonio Borges e Joaquim Sodr\u00e9, a Fam\u00edlia do Pb. \u00c1lvaro, do Pr. Samuel Couto, a fam\u00edlia do saudoso Pastor Cust\u00f3dio Rangel Pires, a fam\u00edlia do saudoso Pb. Simonides, a fam\u00edlia da saudosa irm\u00e3 Maria Dutra, do ent\u00e3o Di\u00e1cono Mario Coutinho, da irm\u00e3 Acely, do Irm\u00e3o Justiniano, do irm\u00e3o Arindo, do Irm\u00e3o Jos\u00e9 Vitoriano, do Irm\u00e3o Raul, do Irm\u00e3o Oleg\u00e1rio, do Pb. Juli\u00e3o, que hoje congrega no Coelho, do irm\u00e3o Jos\u00e9 Le\u00e3o, do Pr. L\u00e9dio Mendon\u00e7a, Irm\u00e3 Almerinda, Irm\u00e3 Rosa m\u00e3e da irm\u00e3 Eni, entre outros.<\/p>\n<h4 style=\"text-align: center;\"><strong>O Trabalho se Desenvolve<\/strong><\/h4>\n<p style=\"padding-left: 30px;\">O <strong>1\u00ba Culto<\/strong> ao Ar-livre foi realizado no Bairro do Coelho, que veio a ser a 1\u00aa Congrega\u00e7\u00e3o, onde morou o saudoso Pr. Jose Adenor da Costa, aceitou a Jesus na ocasi\u00e3o o saudoso irm\u00e3o C\u00e2ndido que tocou na Banda da Igreja, pai do Jurandir e Pr. G\u00eanesis;<\/p>\n<p style=\"padding-left: 30px;\">O <strong>2\u00ba Culto<\/strong> ao Ar-livre foi realizado na Rua 46 do J. Catarina onde se converteu neste culto os irm\u00e3os Antonio e Lezi, que at\u00e9 pouco tempo estava na congrega\u00e7\u00e3o da Rua 47 onde foi inaugurada a 2\u00aa Congrega\u00e7\u00e3o do campo;<\/p>\n<p style=\"padding-left: 30px;\">O <strong>3\u00ba Culto<\/strong> ao Ar-livre foi realizado em Jardim Alc\u00e2ntara, aceitou a Jesus na ocasi\u00e3o a av\u00f3 do Pb. Mauricio Scotelaro, irm\u00e3 Almerinda da Concei\u00e7\u00e3o Valente, e neste bairro foi inaugurada a 3\u00aa Congrega\u00e7\u00e3o;<\/p>\n<p style=\"padding-left: 30px;\">A <strong>4\u00aa<\/strong> congrega\u00e7\u00e3o foi da Rua 39, e a 5\u00aa Lagoa Seca (Hoje Rio Verde).<\/p>\n<p style=\"padding-left: 30px;\">O Pr. L\u00e9dio Mendon\u00e7a que o foi o membro de n\u00ba 8, ao que se tem not\u00edcia, realizou aqui em Alc\u00e2ntara, o <strong>1\u00ba Culto de Mocidade do Estado do Rio de Janeiro<\/strong>, com a participa\u00e7\u00e3o da Banda da Assembleia de Deus em Mutu\u00e1 do Pr. Valdir Ara\u00fajo, e apoio do Pr. Auxiliar Antonio Pereira, na gest\u00e3o do Pr. Joel.<\/p>\n<p style=\"padding-left: 30px;\">O <strong>1\u00ba Coral<\/strong> foi inaugurado por Daniel Guimar\u00e3es, da Casa de Linhas em Alc\u00e2ntara, e o 1\u00ba Tenor foi o hoje Pr. Samuel Couto.<\/p>\n<p style=\"padding-left: 30px;\">A <strong>1\u00aa Banda<\/strong> foi organizada pelo Pr. Cust\u00f3dio Rangel.&nbsp;&nbsp; A irm\u00e3 Odete, durante um bom per\u00edodo, trabalhou como Dirigente do C\u00edrculo de Ora\u00e7\u00e3o, e ela contava que antes de ter sido adquirido o terreno onde est\u00e1 o templo antigo, ela teve um sonho com o Pastor Mario Coutinho, que congregava conosco (faleceu em fevereiro de 2012, como Presidente da Assembleia de Deus em Barrac\u00e3o). No sonho ele empurrava uma \u201cIgreja sobre rodas\u201d naquele terreno, sito a Rua Manoel Jo\u00e3o Gon\u00e7alves, 778.<\/p>\n<p style=\"padding-left: 30px;\">Este terreno foi adquirido depois e constru\u00eddo seu primeiro templo, inaugurado em 1957, com a fiel ajuda do Pastor Cust\u00f3dio Rangel doando todo o material e obra, era na \u00e9poca filial a Assembleia de Deus em Niter\u00f3i, e seria, 13 anos depois, em 1970, emancipada, tornando-se assim a Assembleia de Deus em Alc\u00e2ntara, chegando a possuir 34 congrega\u00e7\u00f5es no ano de 1999.<\/p>\n<p style=\"padding-left: 30px;\">O Pr. L\u00e9dio conta que o seu casamento com a irm\u00e3 Ruth de Mendon\u00e7a foi o 1\u00ba a ser realizado no Templo rec\u00e9m inaugurado, em 20\/12\/1957.<\/p>\n<h4 style=\"text-align: center;\"><strong>&nbsp;&nbsp;&nbsp; Foram Dirigentes da Congrega\u00e7\u00e3o da Assembleia de Deus Niter\u00f3i em Alc\u00e2ntara:<\/strong><\/h4>\n<h4 style=\"text-align: center;\"><strong>&nbsp;&nbsp;&nbsp; Per\u00edodo: de 1943 at\u00e9 1970<\/strong><\/h4>\n<p style=\"padding-left: 30px;\">Miguel Portugu\u00eas, com o apoio de Justiniano, Antonio Borges e Joaquim Sodr\u00e9;<\/p>\n<p style=\"padding-left: 30px;\">Pb. \u00c1lvaro Martins Ferreira (Tio do Pr. Samuel Couto);<\/p>\n<p style=\"padding-left: 30px;\">Pastor Antonio Vieira;<\/p>\n<p style=\"padding-left: 30px;\">Pastor Paulo Soares (irm\u00e3o do Pr. Moises Soares da Fonseca);<\/p>\n<p style=\"padding-left: 30px;\">Pastor Joel Ferreira (Pai do Pr. Moises Mello \u2013 AD em Jurujuba);<\/p>\n<p style=\"padding-left: 30px;\">e o Pastor Armando Marins de Carvalho &#8211; \u00daltimo dirigente da congrega\u00e7\u00e3o que assumiu a dire\u00e7\u00e3o em 1964 \u2013 ano da revolu\u00e7\u00e3o &#8211; e o primeiro bebe apresentado por ele, foi o Pb. Mauricio Scotelaro de Jardim Alc\u00e2ntara.<\/p>\n<h4 style=\"text-align: center;\"><strong>Foram Presidentes da AD em Alc\u00e2ntara emancipada&nbsp; <\/strong><\/h4>\n<p style=\"padding-left: 30px;\"><strong>&nbsp;&nbsp;&nbsp; 1\u00ba &#8211; 1970 a 1984 \u2013 Pastor Armando Marins de Carvalho<\/strong> \u2013 \u201cin memoriam\u201d. Quando era o Dirigente da congrega\u00e7\u00e3o, esta foi emancipada pela AD em Niter\u00f3i no ano de 1970, e este elaborou seu 1\u00ba Estatuto registrado no ano de 1972, e a Presidiu por 14 anos, renunciando o cargo no ano de 1984, quando a igreja possu\u00eda 17 congrega\u00e7\u00f5es. Na sua gest\u00e3o foi implantada e constru\u00eddos os templos (cerca de 70% das atuais congrega\u00e7\u00f5es) e o pr\u00e9dio anexo \u00e0 Sede, onde funcionou por um per\u00edodo o Col\u00e9gio Leopoldo Coelho.<\/p>\n<p style=\"padding-left: 30px;\">Fundou o Trabalho em Lavras Minas Gerais cujo primeiro Dirigente foi o seu irm\u00e3o Pr. Gen\u00e9sio Moura. Nos anos 80, recebeu diversas congrega\u00e7\u00f5es de Rio Bonito.<\/p>\n<p style=\"padding-left: 30px;\"><strong>&nbsp;&nbsp;&nbsp; 2\u00ba &#8211; 02\/09\/1984 a 02\/04\/2013 \u2013 Pastor Silv\u00e9rio Henrique Teixeira \u2013 <\/strong>&nbsp;\u201cin memoriam\u201d. Assumiu a igreja no dia 02\/09\/1984, ap\u00f3s duas elei\u00e7\u00f5es, das quais recebeu o maior n\u00famero de votos.<\/p>\n<p style=\"padding-left: 30px;\">O Pastor Silv\u00e9rio se membrou a esta igreja em 09\/1956, onde congregou por cerca de 57 anos. Foi consagrado a Di\u00e1cono em 02\/1963. Consagrado a Presb\u00edtero em 11\/08\/1965. Consagrado a Evangelista em 21\/04\/1981.<\/p>\n<p style=\"padding-left: 30px;\">Em 02\/09\/1984, foi eleito para a Presid\u00eancia da Assembleia de Deus em Alc\u00e2ntara quando recebeu a credencial de Pastor. Assumiu a Igreja com 17 congrega\u00e7\u00f5es e em 1999, ap\u00f3s 15 anos j\u00e1 contava com 34 congrega\u00e7\u00f5es.<\/p>\n<p style=\"padding-left: 30px;\">Emancipou o trabalho que havia em Lavras \u2013 MG e com o dinheiro da congrega\u00e7\u00e3o de l\u00e1, construiu o novo templo de Jardim Alc\u00e2ntara.<\/p>\n<p style=\"padding-left: 30px;\">No ano de 1999, foi emancipada a Congrega\u00e7\u00e3o de Pra\u00e7a Cruzeiro \u2013 Rio Bonito, com mais 8 congrega\u00e7\u00f5es ao Pastor Felipe Nunes.<\/p>\n<p style=\"padding-left: 30px;\">Em 2003 emancipou a congrega\u00e7\u00e3o de Porto das Caixas em Itabora\u00ed, ao Pastor Faustino Porto Pinheiro.<\/p>\n<p style=\"padding-left: 30px;\">Por cerca de 19 anos de segunda a sexta-feira, ininterruptamente, das 5 \u00e0s 6 da manh\u00e3, o pastor Silv\u00e9rio junto a sua esposa irm\u00e3 DULCE estiveram no templo Sede, em 1(uma) hora de ora\u00e7\u00e3o com Deus.<\/p>\n<p style=\"padding-left: 30px;\">Presidiu a igreja por 28 anos e seis meses, tendo falecido neste ano no dia 02\/04, quando contava 75 anos.<\/p>\n<p style=\"padding-left: 30px;\"><strong>&nbsp;&nbsp;&nbsp; Presidente Interino &#8211; 02\/04\/2013 a 30\/06\/2013 \u2013 Pastor Helismar da Silva Porto &#8211; &nbsp;<\/strong>ap\u00f3s, o falecimento do Pr. Silv\u00e9rio Henrique Teixeira \u2013 como era o Vice-Presidente, o Pr. Helismar presidiu a igreja interinamente, por cerca de 3 meses, convocando a Assembl\u00e9ia Geral Extraordin\u00e1ria, ocorrida no dia 30\/06\/2013, quando foi eleito o novo Presidente deste Minist\u00e9rio.<\/p>\n<p style=\"padding-left: 30px;\"><strong>&nbsp;&nbsp;&nbsp; 3\u00ba &#8211; 2013 e atual Pastor Presidente &#8211; Pr. Daniel Gomes do Santos \u2013 <\/strong>Eleito no dia 30\/06\/2013, em raz\u00e3o da vac\u00e2ncia havida.<\/p>\n<p style=\"padding-left: 30px;\">Tornou-se membro da igreja em 23\/09\/1979, atrav\u00e9s de Batismo, ou seja, \u00e9 membro desta acerca de 34 anos.<\/p>\n<p style=\"padding-left: 30px;\">Assumiu as fun\u00e7\u00f5es de Coordenador da UMADA em Junho de 1987 at\u00e9 julho de 1991.<\/p>\n<p style=\"padding-left: 30px;\">Foi consagrado a Presb\u00edtero em 16\/02\/1988.<\/p>\n<p style=\"padding-left: 30px;\">Assumiu as fun\u00e7\u00f5es de Superintendente da EBD em Janeiro de 1991 at\u00e9 1993. Transferido da Sede para a Congrega\u00e7\u00e3o do Largo do Coelho em 07\/12\/1997, assumindo a fun\u00e7\u00e3o de dirigente da Congrega\u00e7\u00e3o do Largo do Coelho at\u00e9 o ano de 2000. Assumiu as fun\u00e7\u00f5es de dirigente da Congrega\u00e7\u00e3o da Rua Xing\u00fa em 28\/05\/2000 at\u00e9 junho de 2013.<\/p>\n<p style=\"padding-left: 30px;\">Foi consagrado a Evangelista em 26\/09\/2009 pelo Pr. Silv\u00e9rio Henrique Teixeira.<\/p>\n<p style=\"padding-left: 30px;\">Foi eleito por maioria de 2\/3 dos votos em AGE realizada no dia 30\/06\/2013, para a fun\u00e7\u00e3o de Pastor Presidente.<\/p>\n<p style=\"padding-left: 30px;\">H\u00e1 15 anos, ou seja, em setembro de 1998 foi inaugurado um outro Templo, grande e confort\u00e1vel ao lado do antigo pr\u00e9dio da Igreja Sede.<\/p>\n<p style=\"padding-left: 30px;\"><strong>&nbsp;&nbsp; Neste ano o MGIEADA estar\u00e1 apresentando o projeto para constru\u00e7\u00e3o de um NOVO TEMPLO com capacidade para 1.200 pessoas.<\/strong><\/p>\n<h4 style=\"text-align: center;\"><strong>Congrega\u00e7\u00f5es Emancipadas:<\/strong><\/h4>\n<p style=\"padding-left: 30px;\">Em 1999 \u2013 Rio Bonito&nbsp; Pra\u00e7a Cruzeiro (Pra\u00e7a Cruzeiro, Samb\u00ea, Serra do Samb\u00e9, Rio Vermelho, Parque Andreia, Lavras e Mata; e&nbsp; em 2003 &#8211; Porto das Caixas.<\/p>\n<p style=\"padding-left: 30px;\"><strong>Setor 1<\/strong> \u2013 Sede &#8211; Jardim Alc\u00e2ntara \u2013 Trindade e TV. Ramos;<\/p>\n<p style=\"padding-left: 30px;\"><strong>Setor 2<\/strong> \u2013 Coelho \u2013 Largo do Coelho \u2013 J\u00f3quei Club \u2013 Vila Esperan\u00e7a e Arsenal;<\/p>\n<p style=\"padding-left: 30px;\"><strong>Setor 3<\/strong> \u2013 (Jd. Catarina) \u2013 Rua Xingu \u2013 Rua \u00c1guas marinhas \u2013 Rua 07 \u2013 Rua 18 &#8211; Rua 30 \u2013 Rua 39 \u2013 Rua 47;<\/p>\n<p style=\"padding-left: 30px;\"><strong>Setor 4<\/strong> \u2013 (Itabora\u00ed) \u2013 Aldeia da Prata \u2013 Apolo III \u2013 Manilha \u2013 Marambaia \u2013 Vale do Luar e a Sub-Congrega\u00e7\u00e3o Nova Cana\u00e3; e Setor 5 \u2013 Miriambi \u2013 Vila III \u2013 Rio Verde (era Lagoa Seca) \u2013 B. V. Laranjal .<\/p>\n<p style=\"padding-left: 30px;\">A Assembleia de Deus em Alc\u00e2ntara &nbsp;<strong>\u00e9 um celeiro de grandes pastores &nbsp;<\/strong>no Estado e at\u00e9 no Brasil, que passaram por aqui, e\/ou tiveram origem em igrejas fundadas por pessoas que sa\u00edram daqui, e hoje ou s\u00e3o Presidentes ou Pastores auxiliares de diversas igrejas e denomina\u00e7\u00f5es.<\/p>\n<h4 style=\"padding-left: 30px; text-align: center;\"><strong>Pastores que passaram por aqui:<\/strong><\/h4>\n<p style=\"padding-left: 30px;\">Pr. Antonio Vieira \u2013 (in memoriam);<\/p>\n<p style=\"padding-left: 30px;\">Pr. Joel Ferreira &#8211; (in memoriam);<\/p>\n<p style=\"padding-left: 30px;\">Pr. Mario Coutinho &#8211; (In memoriam) presidiu a AD em Barrac\u00e3o;<\/p>\n<p style=\"padding-left: 30px;\">Pr. Custodio Rangel Pires (in memoriam) \u2013 Fundador do Centro Evangel\u00edstico Internacional e da ADHONEP no Brasil;<\/p>\n<p style=\"padding-left: 30px;\">Pr. Hermenegildo Marinho &#8211; (in memoriam);<\/p>\n<p style=\"padding-left: 30px;\">Pr. Jo\u00e3o Soares &#8211; (in memoriam);<\/p>\n<p style=\"padding-left: 30px;\">Pr. Rozindo &#8211; (in memoriam);<\/p>\n<p style=\"padding-left: 30px;\">Pr. Jose Alves &#8211; (in memoriam);<\/p>\n<p style=\"padding-left: 30px;\">Pr. Jacir Pereira \u2013 (in memoriam);<\/p>\n<p style=\"padding-left: 30px;\">Pr. Genesio Moura \u2013 (in memoriam);<\/p>\n<p style=\"padding-left: 30px;\">e Pr. Zen\u00f3bio &#8211; (in memoriam).<\/p>\n<p style=\"padding-left: 30px;\">Pr. Samuel Couto \u2013 atualmente preside a AD em Vista Alegre;<\/p>\n<p style=\"padding-left: 30px;\">Pr. Ledio Mendon\u00e7a \u2013 atualmente preside a AD em Porto da Pedra;<\/p>\n<p style=\"padding-left: 30px;\">Pr. Felipe Nunes \u2013 atualmente preside a AD em Pra\u00e7a Cruzeiro \u2013 R. Bonito;<\/p>\n<p style=\"padding-left: 30px;\">Pr. Faustino Porto Pinheiro \u2013 atualmente preside a AD em Tangu\u00e1;<\/p>\n<p style=\"padding-left: 30px;\">Pr. Alcedinei Teixeira \u2013 atualmente preside a AD em Rua 26 \u2013 F\u00e9 e Esperan\u00e7a;<\/p>\n<p style=\"padding-left: 30px;\">Pr. Jaci Mendes \u2013 Atualmente preside e AD Central em Mutondo;<\/p>\n<p style=\"padding-left: 30px;\">Pr. Zilar \u2013 atualmente congrega na AD em Nova Cidade;<\/p>\n<p style=\"padding-left: 30px;\">e Pr. Raimundo &#8211; atualmente congrega na AD no Rocha.<\/p>\n<p><strong>&nbsp;<\/strong><\/p>\n<p><a href=\"https:\/\/mgieada.com.br\/site\/wp-content\/uploads\/2017\/12\/DSC00090_novo.jpg\"><img loading=\"lazy\" decoding=\"async\" class=\" wp-image-36 aligncenter\" src=\"https:\/\/mgieada.com.br\/site\/wp-content\/uploads\/2017\/12\/DSC00090_novo-300x200.jpg\" alt=\"\" width=\"515\" height=\"345\"><\/a><\/p>\n<\/p>\n\n<div class=\"wp-block-image\">\n<figure class=\"aligncenter is-resized\"><img loading=\"lazy\" decoding=\"async\" width=\"549\" height=\"329\" src=\"https:\/\/mgieada.com.br\/site\/wp-content\/uploads\/2019\/05\/sejaBem.jpg\" alt=\"\" class=\"wp-image-1311\" style=\"width:509px;height:304px\" srcset=\"https:\/\/mgieada.com.br\/site\/wp-content\/uploads\/2019\/05\/sejaBem.jpg 549w, https:\/\/mgieada.com.br\/site\/wp-content\/uploads\/2019\/05\/sejaBem-300x180.jpg 300w, https:\/\/mgieada.com.br\/site\/wp-content\/uploads\/2019\/05\/sejaBem-500x300.jpg 500w\" sizes=\"(max-width: 549px) 100vw, 549px\" \/><\/figure><\/div>\n\n\n<figure class=\"wp-block-embed is-type-video is-provider-youtube wp-block-embed-youtube wp-embed-aspect-16-9 wp-has-aspect-ratio\"><div class=\"wp-block-embed__wrapper\">\n<div class=\"epyt-video-wrapper\"><iframe loading=\"lazy\"  id=\"_ytid_58532\"  width=\"800\" height=\"450\"  data-origwidth=\"800\" data-origheight=\"450\" src=\"https:\/\/www.youtube.com\/embed\/QGWXm9NFin4?enablejsapi=1&#038;autoplay=0&#038;cc_load_policy=0&#038;cc_lang_pref=&#038;iv_load_policy=1&#038;loop=0&#038;modestbranding=1&#038;rel=0&#038;fs=1&#038;playsinline=1&#038;autohide=2&#038;theme=dark&#038;color=red&#038;controls=1&#038;\" class=\"__youtube_prefs__  epyt-is-override  no-lazyload\" data-vol=\"50\"  title=\"Brado Assembl\u00e9ia de Deus em Alc\u00e2ntara\"  allow=\"fullscreen; accelerometer; autoplay; clipboard-write; encrypted-media; gyroscope; picture-in-picture\" allowfullscreen data-no-lazy=\"1\" data-skipgform_ajax_framebjll=\"\"><\/iframe><\/div>\n<\/div><\/figure>\n\n\n\n<figure class=\"wp-block-embed is-type-video is-provider-youtube wp-block-embed-youtube wp-embed-aspect-16-9 wp-has-aspect-ratio\"><div class=\"wp-block-embed__wrapper\">\n<div class=\"epyt-video-wrapper\"><iframe loading=\"lazy\"  id=\"_ytid_38855\"  width=\"800\" height=\"450\"  data-origwidth=\"800\" data-origheight=\"450\" src=\"https:\/\/www.youtube.com\/embed\/RKO9cefSHnQ?enablejsapi=1&#038;autoplay=0&#038;cc_load_policy=0&#038;cc_lang_pref=&#038;iv_load_policy=1&#038;loop=0&#038;modestbranding=1&#038;rel=0&#038;fs=1&#038;playsinline=1&#038;autohide=2&#038;theme=dark&#038;color=red&#038;controls=1&#038;\" class=\"__youtube_prefs__  epyt-is-override  no-lazyload\" data-vol=\"50\"  title=\"MEMORIAL 80 ANOS\"  allow=\"fullscreen; accelerometer; autoplay; clipboard-write; encrypted-media; gyroscope; picture-in-picture\" allowfullscreen data-no-lazy=\"1\" data-skipgform_ajax_framebjll=\"\"><\/iframe><\/div>\n<\/div><\/figure>\n\n\n\n<figure class=\"wp-block-embed is-type-video is-provider-youtube wp-block-embed-youtube wp-embed-aspect-16-9 wp-has-aspect-ratio\"><div class=\"wp-block-embed__wrapper\">\n<div class=\"epyt-video-wrapper\"><iframe loading=\"lazy\"  id=\"_ytid_88810\"  width=\"800\" height=\"450\"  data-origwidth=\"800\" data-origheight=\"450\" src=\"https:\/\/www.youtube.com\/embed\/z8jPsrLgEYM?enablejsapi=1&#038;autoplay=0&#038;cc_load_policy=0&#038;cc_lang_pref=&#038;iv_load_policy=1&#038;loop=0&#038;modestbranding=1&#038;rel=0&#038;fs=1&#038;playsinline=1&#038;autohide=2&#038;theme=dark&#038;color=red&#038;controls=1&#038;\" class=\"__youtube_prefs__  epyt-is-override  no-lazyload\" data-vol=\"50\"  title=\"Museu Assembleia de Deus em Alc\u00e2ntara 80 anos!\"  allow=\"fullscreen; accelerometer; autoplay; clipboard-write; encrypted-media; gyroscope; picture-in-picture\" allowfullscreen data-no-lazy=\"1\" data-skipgform_ajax_framebjll=\"\"><\/iframe><\/div>\n<\/div><\/figure>\n","protected":false},"excerpt":{"rendered":"<p>Crescendo em tempo de crise &nbsp;&nbsp;&nbsp; A Igreja Evang\u00e9lica Assembleia de Deus em Alc\u00e2ntara, comemora os seus 74 (setenta e<\/p>\n","protected":false},"author":4,"featured_media":2188,"parent":0,"menu_order":0,"comment_status":"closed","ping_status":"closed","template":"","meta":{"footnotes":""},"_links":{"self":[{"href":"https:\/\/mgieada.com.br\/site\/wp-json\/wp\/v2\/pages\/8"}],"collection":[{"href":"https:\/\/mgieada.com.br\/site\/wp-json\/wp\/v2\/pages"}],"about":[{"href":"https:\/\/mgieada.com.br\/site\/wp-json\/wp\/v2\/types\/page"}],"author":[{"embeddable":true,"href":"https:\/\/mgieada.com.br\/site\/wp-json\/wp\/v2\/users\/4"}],"replies":[{"embeddable":true,"href":"https:\/\/mgieada.com.br\/site\/wp-json\/wp\/v2\/comments?post=8"}],"version-history":[{"count":2,"href":"https:\/\/mgieada.com.br\/site\/wp-json\/wp\/v2\/pages\/8\/revisions"}],"predecessor-version":[{"id":1986,"href":"https:\/\/mgieada.com.br\/site\/wp-json\/wp\/v2\/pages\/8\/revisions\/1986"}],"wp:featuredmedia":[{"embeddable":true,"href":"https:\/\/mgieada.com.br\/site\/wp-json\/wp\/v2\/media\/2188"}],"wp:attachment":[{"href":"https:\/\/mgieada.com.br\/site\/wp-json\/wp\/v2\/media?parent=8"}],"curies":[{"name":"wp","href":"https:\/\/api.w.org\/{rel}","templated":true}]}}